{"id":230,"date":"2018-05-27T17:39:32","date_gmt":"2018-05-27T15:39:32","guid":{"rendered":"http:\/\/bkt.blog.muenster.org\/?page_id=230"},"modified":"2025-10-01T07:22:03","modified_gmt":"2025-10-01T05:22:03","slug":"vorstand","status":"publish","type":"page","link":"https:\/\/bkt.blog.muenster.org\/?page_id=230","title":{"rendered":"Vorstand"},"content":{"rendered":"<table border=\"0\" width=\"900\" cellspacing=\"0\" cellpadding=\"0\">\n<tbody>\n<tr align=\"left\" valign=\"top\">\n<td id=\"Text219\" class=\"TextObject\" width=\"797\">\n<p>&nbsp;&nbsp;&nbsp;&nbsp;&nbsp;&nbsp;&nbsp;&nbsp;&nbsp;&nbsp;&nbsp;&nbsp;<b>Ergebnisse der Wahlen in der Mitgliederversammlung vom 12. September 2025<\/b><\/p>\n<p>Vorstand:<\/p>\n<ul>\n<li>Dr. Yolanda Bertolaso, dipl. Musik- und Tanztherapeutin<\/li>\n<li>C\u00e4cilia Creutz-Model, dipl. Musiktherapeutin<\/li>\n<li><a href=\"https:\/\/de.wikipedia.org\/wiki\/Karl_H%C3%B6rmann_(Musiker)\">Prof. Dr. Dr. Karl H\u00f6rmann<\/a> (Vorsitzender)<\/li>\n<\/ul>\n<p><span style=\"font-size: small\">Gedankt wurde den bisherigen Vorstandsmitgliedern, insbesondere <\/span><\/p>\n<ul>\n<li>Herrn Psychotherapeuten Dr. med. Dr. rer. nat. Erich Schott<\/li>\n<\/ul>\n<p><span style=\"font-size: small\">Unvergessen seien<\/span><\/p>\n<ul>\n<li>\n<p align=\"justify\">&nbsp;Dr. Claudia Weber, Diplom-Musiktherapeutin, Tanztherapeutin B.A.&nbsp; (Karls-Universit\u00e4t Prag), approbierte Kinder- und&nbsp; Jugendlichenpsychotherapeutin, Fachschaftsvorsitzende und Mitinitiatorben.<\/p>\n<\/li>\n<li>\n<p align=\"justify\"><span style=\"font-size: small\">Nervenarzt Dr. W. Becker-Glauch, Pionier der Kunsttherapie mit zahlreichen Ver\u00f6ffentlichungen. Er hat immer wieder gro\u00dfz\u00fcgig gespendet und damit die Verbandsarbeit wesentlich gef\u00f6rdert. Er ist im Alter von 92 kurz vor Weihnachten 2015 verstorben. Zu seinem Geburtstag hatte Dr. Yolanda Bertolaso einen G\u00fcckwunsch verfasst. Ihr <a href=\"https:\/\/www.hogrefe.com\/de\/zeitschrift\/musik-tanz-und-kunsttherapie\" target=\"_blank\" rel=\"noopener\">Nachruf auf Dr. med. Wulf Becker-Glauch \u2013 Beispielhafter Humanist und Pionier der Kunsttherapie (1923\u20132015)<\/a> ist erschienen in Musik-, Tanz- und Kunsttherapie, 25, 224-225<\/span><\/p>\n<\/li>\n<\/ul>\n<p align=\"justify\">Au\u00dferordentliche Mitgliederversammlungen k\u00f6nnen jederzeit beantragt werden. Auf Wunsch finden sie&nbsp;in der Heroldstr. 29, 48163 M\u00fcnster, statt. Kontakt (0251) 861500 oder&nbsp;&nbsp;<a>bkt@muenster.de<\/a><\/p>\n<hr \/><\/td>\n<\/tr>\n<\/tbody>\n<\/table>\n<p>&nbsp;<\/p>\n\n\n<p>Am 12.12.1986 hatte Prof. Dr. Dr. Karl H\u00f6rmann im Raum 430 des Instituts f\u00fcr Musikp\u00e4dagogik der Universit\u00e4t M\u00fcnster,&nbsp;Scharnhorststr. 100, den &#8222;Berufsverband Kunst-, Musik- und Tanztherapie &#8211; Europ\u00e4ischer Dachverband f\u00fcr k\u00fcnstlerische Therapien&#8220; (BKMT) gegr\u00fcndet. Von seinem 1. Vorsitzenden, dem T\u00fcbinger Ordinarius Prof. Dr. Walther&nbsp;Zifreund, Diplom-Psychologe und Diplom-Kunsttherapeut, wurde der&nbsp;BKMT&nbsp;in N\u00fcrtingen ins Vereinsregister eingetragen. Dort hatte Prof.&nbsp;Zifreund&nbsp;die 1987 erfolgte Gr\u00fcndung der Kunsthochschule N\u00fcrtingen unter Mitwirkung des vom Ministerium BW als externem Gutachter bestellten, zwischenzeitlich nach K\u00f6ln berufenen Prof. Dr. Dr. Karl H\u00f6rmann betrieben. Wenig sp\u00e4ter wurde der Sitz des&nbsp;BKMT&nbsp;nach M\u00fcnster verlegt. Zahlreiche gut besuchte Veranstaltungen haben u.a. in M\u00fcnster, K\u00f6ln und Hamburg stattgefunden. Die von&nbsp;Dr. Yolanda Bertolaso herausgegebenen&nbsp;Symposionsb\u00e4nde&nbsp;mit den Referaten jener Tagungen sind weiterhin lesenswert; sie k\u00f6nnen unter der&nbsp;Email-Adresse bkt@muenster.de bei ihr bestellt werden.<\/p>\n\n\n\n<p>Mit der Zeit hatte es sich herausgestellt,\u00a0dass\u00a0es besser ist, nur noch den bereits am 16.4.1984\u00a0ebenfalls im Institut f\u00fcr Musikp\u00e4dagogik der Universit\u00e4t M\u00fcnster gegr\u00fcndeten Verband mit dem Namen &#8222;Wissenschaftliche Gesellschaft und Berufsverband f\u00fcr K\u00fcnstlerische Therapien&#8220; beizubehalten. &#8211; Siehe\u00a0<a href=\"http:\/\/bkt.blog.muenster.org\/?page_id=395\" target=\"_blank\" rel=\"noreferrer noopener\">Geschichte der Musiktherapie in M\u00fcnster<\/a><\/p>\n\n\n<hr \/>\n<p>&nbsp;<\/p>\n\n\n<p><\/p><p><\/p><p><br \/><br \/><br \/><br \/><br \/><\/p><p>&nbsp;<\/p><br \/><br \/><p>&nbsp;<\/p>\n","protected":false},"excerpt":{"rendered":"<p>&nbsp;&nbsp;&nbsp;&nbsp;&nbsp;&nbsp;&nbsp;&nbsp;&nbsp;&nbsp;&nbsp;&nbsp;Ergebnisse der Wahlen in der Mitgliederversammlung vom 12. September 2025 Vorstand: Dr. Yolanda Bertolaso, dipl. Musik- und Tanztherapeutin C\u00e4cilia Creutz-Model, dipl. Musiktherapeutin Prof. Dr. Dr. Karl H\u00f6rmann (Vorsitzender) Gedankt wurde den bisherigen Vorstandsmitgliedern, insbesondere Herrn Psychotherapeuten Dr. med. Dr. rer. nat. Erich Schott Unvergessen seien &nbsp;Dr. Claudia Weber, Diplom-Musiktherapeutin, Tanztherapeutin B.A.&nbsp; (Karls-Universit\u00e4t Prag), approbierte Kinder- [&hellip;]<\/p>\n","protected":false},"author":13,"featured_media":0,"parent":0,"menu_order":0,"comment_status":"closed","ping_status":"closed","template":"","meta":{"ngg_post_thumbnail":0,"footnotes":""},"class_list":["post-230","page","type-page","status-publish","hentry"],"_links":{"self":[{"href":"https:\/\/bkt.blog.muenster.org\/index.php?rest_route=\/wp\/v2\/pages\/230","targetHints":{"allow":["GET"]}}],"collection":[{"href":"https:\/\/bkt.blog.muenster.org\/index.php?rest_route=\/wp\/v2\/pages"}],"about":[{"href":"https:\/\/bkt.blog.muenster.org\/index.php?rest_route=\/wp\/v2\/types\/page"}],"author":[{"embeddable":true,"href":"https:\/\/bkt.blog.muenster.org\/index.php?rest_route=\/wp\/v2\/users\/13"}],"replies":[{"embeddable":true,"href":"https:\/\/bkt.blog.muenster.org\/index.php?rest_route=%2Fwp%2Fv2%2Fcomments&post=230"}],"version-history":[{"count":33,"href":"https:\/\/bkt.blog.muenster.org\/index.php?rest_route=\/wp\/v2\/pages\/230\/revisions"}],"predecessor-version":[{"id":2257,"href":"https:\/\/bkt.blog.muenster.org\/index.php?rest_route=\/wp\/v2\/pages\/230\/revisions\/2257"}],"wp:attachment":[{"href":"https:\/\/bkt.blog.muenster.org\/index.php?rest_route=%2Fwp%2Fv2%2Fmedia&parent=230"}],"curies":[{"name":"wp","href":"https:\/\/api.w.org\/{rel}","templated":true}]}}